{"id":392,"date":"2015-05-17T21:10:45","date_gmt":"2015-05-17T20:10:45","guid":{"rendered":"http:\/\/www.greenandcraft.com\/?page_id=2"},"modified":"2026-03-23T11:38:23","modified_gmt":"2026-03-23T10:38:23","slug":"page-d-exemple-2","status":"publish","type":"page","link":"https:\/\/greenandcraft.com\/index.php\/page-d-exemple-2\/","title":{"rendered":"A propos"},"content":{"rendered":"\n<p>\u00ab&nbsp;<a href=\"http:\/\/www.greenandcraft.com\">Green &amp; Craft, <em>le comptoir des savoir-faire<\/em><\/a> \u00bb est une association qui partage les bonnes pratiques, accompagne les d\u00e9tenteurs de savoir-faire du patrimoine culturel immat\u00e9riel, les associations et les prescripteurs.<\/p>\n\n\n\n<p><br>Des ann\u00e9es d\u2019activit\u00e9 dans l\u2019architecture et l\u2019artisanat au niveau national et international, nous ont amen\u00e9s \u00e0 mieux valoriser <strong>les savoir-faire du go\u00fbt et artisanaux, au titre de leurs qualit\u00e9s singuli\u00e8res et du d\u00e9veloppement durable :<\/strong><\/p>\n\n\n\n<p>                 Ancestraux, ils sont garants de la transmission de la culture et de la mat\u00e9rialit\u00e9.<\/p>\n\n\n\n<p>                Durables, ils sont inscrits dans les territoires, les communaut\u00e9s, les ouvrages et les paysages fa\u00e7onn\u00e9s par l\u2019homme.<\/p>\n\n\n\n<p>                Innovants, ils nourrissent et subliment les id\u00e9es des architectes, des designers, de tout producteur et d\u00e9tenteur de savoir-faire. <\/p>\n\n\n\n<p>               Partout dans le monde et depuis des g\u00e9n\u00e9rations, ils sont l\u2019expression de la main de l\u2019homme, de la transformation des mati\u00e8res v\u00e9g\u00e9tales, min\u00e9rales ou animales, en objets et des communaut\u00e9s qui les portent.<br><\/p>\n\n\n\n<p><\/p>\n","protected":false},"excerpt":{"rendered":"<p>\u00ab&nbsp;Green &amp; Craft, le comptoir des savoir-faire \u00bb est une association qui partage les bonnes pratiques, accompagne les d\u00e9tenteurs de savoir-faire du patrimoine culturel immat\u00e9riel, les associations et les prescripteurs. Des ann\u00e9es d\u2019activit\u00e9 dans l\u2019architecture et l\u2019artisanat au niveau national et international, nous ont amen\u00e9s \u00e0 mieux valoriser les savoir-faire du go\u00fbt et artisanaux, au &hellip; <\/p>\n<p class=\"link-more\"><a href=\"https:\/\/greenandcraft.com\/index.php\/page-d-exemple-2\/\" class=\"more-link\">Continuer la lecture<span class=\"screen-reader-text\"> de &laquo;&nbsp;A propos&nbsp;&raquo;<\/span><\/a><\/p>\n","protected":false},"author":2,"featured_media":0,"parent":0,"menu_order":0,"comment_status":"open","ping_status":"closed","template":"","meta":{"footnotes":""},"class_list":["post-392","page","type-page","status-publish","hentry"],"_links":{"self":[{"href":"https:\/\/greenandcraft.com\/index.php\/wp-json\/wp\/v2\/pages\/392","targetHints":{"allow":["GET"]}}],"collection":[{"href":"https:\/\/greenandcraft.com\/index.php\/wp-json\/wp\/v2\/pages"}],"about":[{"href":"https:\/\/greenandcraft.com\/index.php\/wp-json\/wp\/v2\/types\/page"}],"author":[{"embeddable":true,"href":"https:\/\/greenandcraft.com\/index.php\/wp-json\/wp\/v2\/users\/2"}],"replies":[{"embeddable":true,"href":"https:\/\/greenandcraft.com\/index.php\/wp-json\/wp\/v2\/comments?post=392"}],"version-history":[{"count":14,"href":"https:\/\/greenandcraft.com\/index.php\/wp-json\/wp\/v2\/pages\/392\/revisions"}],"predecessor-version":[{"id":2020,"href":"https:\/\/greenandcraft.com\/index.php\/wp-json\/wp\/v2\/pages\/392\/revisions\/2020"}],"wp:attachment":[{"href":"https:\/\/greenandcraft.com\/index.php\/wp-json\/wp\/v2\/media?parent=392"}],"curies":[{"name":"wp","href":"https:\/\/api.w.org\/{rel}","templated":true}]}}